{"id":3662,"date":"2017-10-23T12:08:00","date_gmt":"2017-10-23T12:08:00","guid":{"rendered":"http:\/\/www.msklasek.cz\/?page_id=3662"},"modified":"2026-04-23T05:10:59","modified_gmt":"2026-04-23T05:10:59","slug":"zapis","status":"publish","type":"page","link":"https:\/\/www.msklasek.cz\/index.php\/zapis\/","title":{"rendered":"Z\u00e1pis do Kl\u00e1sku"},"content":{"rendered":"<div class=\"wpb-content-wrapper\"><p>[vc_row][vc_column][vc_column_text css=&#8220;&#8220;]<\/p>\n<h2><a href=\"https:\/\/www.msklasek.cz\/wp-content\/uploads\/2026\/04\/Seznam-prijatych-deti-2026_2027.pdf\"><span style=\"color: #e37e12;\">Seznam p\u0159ijat\u00fdch d\u011bt\u00ed<\/span><\/a><\/h2>\n<p>[\/vc_column_text][\/vc_column][vc_column][vc_empty_space][vc_separator][vc_empty_space][\/vc_column][\/vc_row][vc_row][vc_column width=&#8220;1\/2&#8243;][vc_custom_heading text=&#8220;KRIT\u00c9RIA PRO P\u0158IJ\u00cdM\u00c1N\u00cd D\u011aT\u00cd<br \/>\nna \u0161koln\u00ed rok 2026\/2027&#8243; font_container=&#8220;tag:h2|text_align:left|color:%23ed7336&#8243; use_theme_fonts=&#8220;yes&#8220;][vc_column_text]Mate\u0159sk\u00e1 \u0161kola Kl\u00e1sek, st\u00e1tn\u00ed p\u0159\u00edsp\u011bvkov\u00e1 organizace. je z\u0159\u00edzena za \u00fa\u010delem rozvoje osobnosti, t\u011blesn\u00e9ho a rozumov\u00e9ho rozvoje d\u011bt\u00ed a vnou\u010dat p\u0159ed\u0161koln\u00edho v\u011bku zam\u011bstnanc\u016f Ministerstva zem\u011bd\u011blstv\u00ed a zam\u011bstnanc\u016f jin\u00fdch subjekt\u016f v\u00a0rezortu Ministerstva zem\u011bd\u011blstv\u00ed. O p\u0159ijet\u00ed do Mate\u0159sk\u00e9 \u0161koly Kl\u00e1sek rozhoduje \u0159editelka na z\u00e1klad\u011b krit\u00e9ri\u00ed stanoven\u00fdch z\u0159izovatelem.<\/p>\n<p>Na z\u00e1klad\u011b ustanoven\u00ed \u00a7 34 a \u00a7 165 odst. 2 p\u00edsm. b) z\u00e1kona \u010d. 561\/2004 Sb., \u0161kolsk\u00fd z\u00e1kon, v\u00a0platn\u00e9m zn\u011bn\u00ed zn\u011bn\u00ed, \u0159editelka Mate\u0159sk\u00e9 \u0161koly Kl\u00e1sek, st\u00e1tn\u00ed p\u0159\u00edsp\u011bvkov\u00e9 organizace stanovila n\u00e1sleduj\u00edc\u00ed krit\u00e9ria, podle nich\u017e bude postupovat p\u0159i rozhodov\u00e1n\u00ed o p\u0159ijet\u00ed d\u00edt\u011bte k\u00a0p\u0159ed\u0161koln\u00edmu vzd\u011bl\u00e1v\u00e1n\u00ed v\u00a0mate\u0159sk\u00e9 \u0161kole v\u00a0p\u0159\u00edpad\u011b, kdy po\u010det \u017e\u00e1dost\u00ed o p\u0159ijet\u00ed d\u00edt\u011bte k\u00a0p\u0159ed\u0161koln\u00edmu vzd\u011bl\u00e1v\u00e1n\u00ed v\u00a0dan\u00e9m roce p\u0159ekro\u010d\u00ed stanovenou kapacitu maxim\u00e1ln\u00edho po\u010dtu d\u011bt\u00ed pro mate\u0159skou \u0161kolu.<\/p>\n<p>P\u0159ed\u0161koln\u00ed za\u0159\u00edzen\u00ed je opr\u00e1vn\u011bno p\u0159ijmout pouze d\u00edt\u011b, kter\u00e9 se podrobilo stanoven\u00fdm pravideln\u00fdm o\u010dkov\u00e1n\u00edm, m\u00e1 doklad, \u017ee je proti n\u00e1kaze imunn\u00ed nebo se nem\u016f\u017ee o\u010dkov\u00e1n\u00ed podrobit pro trvalou kontraindikaci (\u00a7 50 z\u00e1kona \u010d. 258\/2000 Sb., o ochran\u011b ve\u0159ejn\u00e9ho zdrav\u00ed v\u00a0platn\u00e9m zn\u011bn\u00ed).<\/p>\n<p>Do mate\u0159sk\u00e9 \u0161koly lze p\u0159ijmout i d\u00edt\u011b, kter\u00e9 se nepodrobilo pravideln\u00e9mu o\u010dkov\u00e1n\u00ed, ani nem\u00e1 doklad, \u017ee je proti n\u00e1kaze imunn\u00ed \u010di se nem\u016f\u017ee o\u010dkov\u00e1n\u00ed podrobit pro trvalou kontraindikaci pouze v\u00a0p\u0159\u00edpad\u011b, \u017ee pat\u0159\u00ed do skupiny d\u011bt\u00ed, pro kter\u00e9 je p\u0159ed\u0161koln\u00ed vzd\u011bl\u00e1v\u00e1n\u00ed povinn\u00e9.<\/p>\n<p>\u0158editelka \u0161koly rozhoduje o pr\u00e1vech a povinnostech \u00fa\u010dastn\u00edk\u016f vzd\u011bl\u00e1v\u00e1n\u00ed ve spr\u00e1vn\u00edm \u0159\u00edzen\u00ed s\u00a0t\u00edm, \u017ee rozhodnut\u00ed, kter\u00fdm se vyhovuje \u017e\u00e1dosti o p\u0159ijet\u00ed k\u00a0p\u0159ed\u0161koln\u00edmu vzd\u011bl\u00e1v\u00e1n\u00ed, se oznamuj\u00ed zve\u0159ejn\u011bn\u00edm seznamu uchaze\u010d\u016f pod p\u0159id\u011blen\u00fdm registra\u010dn\u00edm \u010d\u00edslem s\u00a0v\u00fdsledkem \u0159\u00edzen\u00ed u ka\u017ed\u00e9ho uchaze\u010de. Seznam je zve\u0159ejn\u011bn na ve\u0159ejn\u011b p\u0159\u00edstupn\u00e9m m\u00edst\u011b ve \u0161kole a webov\u00fdch str\u00e1nk\u00e1ch \u0161koly. O p\u0159ijet\u00ed d\u00edt\u011bte nerozhoduje datum pod\u00e1n\u00ed ani po\u0159ad\u00ed podan\u00e9 \u017e\u00e1dosti. O p\u0159ijet\u00ed bude rozhodovat po\u0159ad\u00ed podle v\u011bku \u2013 d\u011bti budou se\u0159azeny podle data narozen\u00ed od nejstar\u0161\u00edho d\u00edt\u011bte do napln\u011bn\u00ed kapacity mate\u0159sk\u00e9 \u0161koly, uveden\u00e9 ve \u0161kolsk\u00e9m rejst\u0159\u00edku.[\/vc_column_text][\/vc_column][vc_column width=&#8220;1\/2&#8243;][vc_single_image image=&#8220;3829&#8243; img_size=&#8220;large&#8220;][vc_column_text]P\u0159ed\u0161koln\u00ed vzd\u011bl\u00e1v\u00e1n\u00ed se organizuje pro d\u011bti ve v\u011bku od 2 do zpravidla 6 let.<\/p>\n<p>P\u0159i rozhodov\u00e1n\u00ed o p\u0159ijet\u00ed d\u00edt\u011bte k\u00a0p\u0159ed\u0161koln\u00edmu vzd\u011bl\u00e1v\u00e1n\u00ed bude postupov\u00e1no podle n\u00e1sleduj\u00edc\u00edch krit\u00e9ri\u00ed:<\/p>\n<ol>\n<li>v\u011bk d\u00edt\u011bte (datum narozen\u00ed), kdy bude up\u0159ednostn\u011bno d\u00edt\u011b star\u0161\u00ed (d\u011bti \u0159azen\u00e9 od nejstar\u0161\u00edho po nejmlad\u0161\u00ed)<\/li>\n<\/ol>\n<p>&nbsp;<\/p>\n<p style=\"text-align: left;\"><em>V Praze dne 27. 1. 2026<\/em><\/p>\n<p style=\"text-align: right;\">Lenka Slepi\u010dkov\u00e1, \u0159editelka \u0161koly<\/p>\n<p>[\/vc_column_text][vc_column_text]<\/p>\n<h4><strong>Formul\u00e1\u0159 ke sta\u017een\u00ed: <\/strong><a href=\"https:\/\/www.msklasek.cz\/wp-content\/uploads\/2026\/01\/zadost-o-prijeti-s-potvrzenim-zamestnavatele.pdf\"><span style=\"color: #ff0000;\">\u017d\u00e1dost o p\u0159ijet\u00ed d\u00edt\u011bte do M\u0160<\/span><\/a><\/h4>\n<p><strong>K\u00a0z\u00e1pisu je t\u0159eba dolo\u017eit:<\/strong> vypln\u011bnou \u017d\u00e1dost o p\u0159ijet\u00ed, potvrzenou l\u00e9ka\u0159em a zam\u011bstnavatelem, rodn\u00fd list d\u00edt\u011bte a ob\u010dansk\u00fd pr\u016fkaz z\u00e1konn\u00e9ho z\u00e1stupce.[\/vc_column_text][\/vc_column][\/vc_row][vc_row][vc_column][vc_empty_space][vc_custom_heading text=&#8220;Dotazy ohledn\u011b p\u0159ijet\u00ed m\u016f\u017eete pos\u00edlat na e-mail: info@msklasek.cz&#8220; font_container=&#8220;tag:h2|text_align:center|color:%23ed7336&#8243; use_theme_fonts=&#8220;yes&#8220;][\/vc_column][\/vc_row]<\/p>\n<\/div>","protected":false},"excerpt":{"rendered":"<p>[vc_row][vc_column][vc_column_text css=&#8220;&#8220;] Seznam p\u0159ijat\u00fdch d\u011bt\u00ed [\/vc_column_text][\/vc_column][vc_column][vc_empty_space][vc_separator][vc_empty_space][\/vc_column][\/vc_row][vc_row][vc_column width=&#8220;1\/2&#8243;][vc_custom_heading text=&#8220;KRIT\u00c9RIA PRO P\u0158IJ\u00cdM\u00c1N\u00cd D\u011aT\u00cd na \u0161koln\u00ed rok 2026\/2027&#8243; font_container=&#8220;tag:h2|text_align:left|color:%23ed7336&#8243; use_theme_fonts=&#8220;yes&#8220;][vc_column_text]Mate\u0159sk\u00e1 \u0161kola Kl\u00e1sek, st\u00e1tn\u00ed p\u0159\u00edsp\u011bvkov\u00e1 organizace. je z\u0159\u00edzena za \u00fa\u010delem rozvoje osobnosti, t\u011blesn\u00e9ho a rozumov\u00e9ho rozvoje d\u011bt\u00ed a vnou\u010dat p\u0159ed\u0161koln\u00edho v\u011bku zam\u011bstnanc\u016f Ministerstva zem\u011bd\u011blstv\u00ed a zam\u011bstnanc\u016f jin\u00fdch subjekt\u016f v\u00a0rezortu Ministerstva zem\u011bd\u011blstv\u00ed. O p\u0159ijet\u00ed do Mate\u0159sk\u00e9 \u0161koly Kl\u00e1sek rozhoduje \u0159editelka [&hellip;]<\/p>\n","protected":false},"author":1,"featured_media":0,"parent":0,"menu_order":0,"comment_status":"closed","ping_status":"closed","template":"","meta":{"footnotes":""},"class_list":["post-3662","page","type-page","status-publish","hentry"],"_links":{"self":[{"href":"https:\/\/www.msklasek.cz\/index.php\/wp-json\/wp\/v2\/pages\/3662","targetHints":{"allow":["GET"]}}],"collection":[{"href":"https:\/\/www.msklasek.cz\/index.php\/wp-json\/wp\/v2\/pages"}],"about":[{"href":"https:\/\/www.msklasek.cz\/index.php\/wp-json\/wp\/v2\/types\/page"}],"author":[{"embeddable":true,"href":"https:\/\/www.msklasek.cz\/index.php\/wp-json\/wp\/v2\/users\/1"}],"replies":[{"embeddable":true,"href":"https:\/\/www.msklasek.cz\/index.php\/wp-json\/wp\/v2\/comments?post=3662"}],"version-history":[{"count":84,"href":"https:\/\/www.msklasek.cz\/index.php\/wp-json\/wp\/v2\/pages\/3662\/revisions"}],"predecessor-version":[{"id":4318,"href":"https:\/\/www.msklasek.cz\/index.php\/wp-json\/wp\/v2\/pages\/3662\/revisions\/4318"}],"wp:attachment":[{"href":"https:\/\/www.msklasek.cz\/index.php\/wp-json\/wp\/v2\/media?parent=3662"}],"curies":[{"name":"wp","href":"https:\/\/api.w.org\/{rel}","templated":true}]}}