{"id":3544,"date":"2018-08-03T18:41:44","date_gmt":"2018-08-03T18:41:44","guid":{"rendered":"http:\/\/zoutula.com\/themes\/kiddie\/?page_id=3544"},"modified":"2020-01-13T19:39:18","modified_gmt":"2020-01-13T19:39:18","slug":"gdpr","status":"publish","type":"page","link":"https:\/\/www.msklasek.cz\/index.php\/gdpr\/","title":{"rendered":"GDPR"},"content":{"rendered":"<div class=\"wpb-content-wrapper\"><p>[vc_row][vc_column][vc_widget_sidebar][\/vc_column][\/vc_row][vc_row][vc_column][vc_column_text]<\/p>\n<p class=\"s3\"><span class=\"s4\">Mate\u0159sk\u00e1 \u0161kola <\/span><span class=\"s4\">Kl\u00e1sek <\/span><span class=\"s4\">s.p.o<\/span><span class=\"s4\">.<\/span><span class=\"s4\">, je <\/span><span class=\"s4\">st\u00e1tn\u00ed <\/span><span class=\"s4\">p\u0159\u00edsp\u011bvkovou organizac\u00ed <\/span><span class=\"s4\">Ministerstva zem\u011bd\u011blstv\u00ed, <\/span><span class=\"s4\">T\u011b\u0161nov<\/span><span class=\"s4\"> 65\/17, 110 00 <\/span><span class=\"s4\">Praha 1, kter<\/span><span class=\"s4\">\u00e9<\/span><span class=\"s4\"> je<\/span> <span class=\"s4\">jej\u00edm z\u0159izovatelem. <\/span><\/p>\n<p class=\"s3\"><span class=\"s4\">Hlavn\u00edm \u00fakolem na\u0161\u00ed organizace je v\u00fdchova a vzd\u011bl\u00e1v\u00e1n\u00ed d\u011bt\u00ed <\/span><span class=\"s4\">p\u0159ed\u0161koln\u00edho v\u011bku.<\/span><\/p>\n<p class=\"s3\"><span class=\"s4\">Mate\u0159sk\u00e1 \u0161kola <\/span><span class=\"s4\">Kl\u00e1sek <\/span><span class=\"s4\">s.p.o<\/span><span class=\"s4\">.<\/span><span class=\"s4\">\u00a0zpracov\u00e1v\u00e1 osobn\u00ed \u00fadaje v\u00a0souladu s\u00a0po\u017eadavky Na\u0159\u00edzen\u00ed Evropsk\u00e9ho parlamentu a Rady (EU) \u010d. 2016\/679 o ochran\u011b fyzick\u00fdch osob v souvislosti se zpracov\u00e1n\u00edm osobn\u00edch \u00fadaj\u016f a o voln\u00e9m pohybu t\u011bchto \u00fadaj\u016f a o zru\u0161en\u00ed sm\u011brnice 95\/46\/ES (obecn\u00e9 na\u0159\u00edzen\u00ed o\u00a0ochran\u011b osobn\u00edch \u00fadaj\u016f nebo tak\u00e9 GDPR).<\/span><\/p>\n<p class=\"s3\"><span class=\"s4\">Mate\u0159sk\u00e1 \u0161kola Kl\u00e1sek s.p.o je <\/span><span class=\"s5\">spr\u00e1vcem<\/span><span class=\"s4\"> Va\u0161ich osobn\u00edch \u00fadaj\u016f, kter\u00e9 zpracov\u00e1v\u00e1 zejm\u00e9na za \u00fa\u010delem:<\/span><\/p>\n<div class=\"s7\"><span class=\"s6\">\u2022 <\/span><span class=\"s4\">z\u00e1pis k\u00a0p\u0159ed\u0161koln\u00edmu vzd\u011bl\u00e1v\u00e1n\u00ed,<\/span><\/div>\n<div class=\"s7\"><span class=\"s6\">\u2022 <\/span><span class=\"s4\">zaji\u0161t\u011bn\u00ed p\u0159ed\u0161koln\u00edho vzd\u011bl\u00e1v\u00e1n\u00ed,<\/span><\/div>\n<p class=\"s3\"><span class=\"s5\">Kontaktn\u00ed adresa spr\u00e1vce:<\/span><\/p>\n<p class=\"s3\"><span class=\"s4\">Mate\u0159sk\u00e1 \u0161kola Kl\u00e1sek s.p.o<br \/>\nT\u011b\u0161nov 65\/17<br \/>\n110 00 Praha 1<br \/>\nI\u010c 06081771<br \/>\ntelefon: +420\u00a0702\u00a0169 417<br \/>\ne-mail: <\/span><span class=\"s4\">info<\/span><span class=\"s4\">@ms<\/span><span class=\"s4\">klasek<\/span><span class=\"s4\">.cz<br \/>\nID\u00a0datov\u00e9 schr\u00e1nky: ap9jd39<\/span><\/p>\n<p>&nbsp;<\/p>\n<p>Spr\u00e1vce: Mate\u0159sk\u00e1 \u0161kola Kl\u00e1sek s.p.o., se s\u00eddlem T\u011b\u0161nov 65\/17, 110 00\u00a0 Praha 1 &#8211; Nov\u00e9 M\u011bsto a<br \/>\nI\u010c 06081771 jmenoval pov\u011b\u0159ence pro ochranu osobn\u00edch \u00fadaj\u016f ve smyslu \u010dl. 37 Na\u0159\u00edzen\u00ed Evropsk\u00e9ho parlamentu a Rady (EU) 2016\/679 ze dne 27. dubna 2016 o ochran\u011b fyzick\u00fdch osob v souvislosti se zpracov\u00e1n\u00edm osobn\u00edch \u00fadaj\u016f a o voln\u00e9m pohybu t\u011bchto \u00fadaj\u016f (d\u00e1le jako &#8222;GDPR&#8220;).<br \/>\nFunkci pov\u011b\u0159ence pro ochranu osobn\u00edch pro Spr\u00e1vce vykon\u00e1v\u00e1 spole\u010dnost Schola Servis GDPR, s.r.o., I\u010c: 04223748.<br \/>\nOsoba ur\u010den\u00e1 pro jedn\u00e1n\u00ed za pov\u011b\u0159ence je JUDr. Ing. et Ing. Roman Ondr\u00fdsek, Ph.D., MBA.<\/p>\n<p>Kontaktn\u00edmi \u00fadaji pov\u011b\u0159ence jsou:<br \/>\n1.ID datov\u00e9 schr\u00e1nky5b36car<br \/>\n2.adresa s\u00eddla: Palack\u00e9ho 150\/8, 796 01 Prost\u011bjov<br \/>\n3.telefonn\u00ed \u010d\u00edslo: 703 140 006, 733 281 378, 732 464 854<br \/>\n4.e-mail:\u00a0<a href=\"mailto:poverenec@gdprdoskol.cz\">poverenec@gdprdoskol.cz<\/a><br \/>\n&nbsp;<\/p>\n<p class=\"s3\"><span class=\"s4\">Va\u0161e nezbytn\u00e9 osobn\u00ed \u00fadaje jsou shroma\u017e\u010fov\u00e1ny a d\u00e1le zpracov\u00e1v\u00e1ny zejm\u00e9na na z\u00e1klad\u011b spln\u011bn\u00ed pr\u00e1vn\u00edch povinnost\u00ed, kter\u00e9 se na Mate\u0159skou \u0161kolu <\/span><span class=\"s4\">Kl\u00e1sek <\/span><span class=\"s4\">s.p.o<\/span><span class=\"s4\">. <\/span><span class=\"s4\">vztahuj\u00ed.<\/span><\/p>\n<p class=\"s3\"><span class=\"s4\">Dal\u0161\u00ed nezbytn\u00e9 osobn\u00ed \u00fadaje mohou b\u00fdt shroma\u017e\u010fov\u00e1ny za \u00fa\u010delem spln\u011bn\u00ed smlouvy mezi Mate\u0159skou \u0161kolou <\/span><span class=\"s4\">Kl\u00e1sek s.p.o.<\/span><a name=\"_GoBack\"><\/a><span class=\"s4\"> a V\u00e1mi.<\/span><\/p>\n<p class=\"s3\"><span class=\"s4\">V n\u011bkter\u00fdch p\u0159\u00edpadech mohou b\u00fdt Va\u0161e osobn\u00ed \u00fadaje shroma\u017e\u010fov\u00e1ny a d\u00e1le zpracov\u00e1v\u00e1ny na z\u00e1klad\u011b V\u00e1mi ud\u011blen\u00e9ho souhlasu, kter\u00fd v\u017edy vyjad\u0159uje svobodn\u00fd, konkr\u00e9tn\u00ed, informovan\u00fd a jednozna\u010dn\u00fd projev Va\u0161\u00ed v\u016fle se zpracov\u00e1n\u00edm Va\u0161ich osobn\u00edch \u00fadaj\u016f za dan\u00fdm \u00fa\u010delem a jeho\u017e sou\u010d\u00e1st\u00ed je v\u017edy informace o mo\u017enosti ud\u011blen\u00fd souhlas kdykoliv odvolat.<\/span><\/p>\n<p class=\"s3\"><span class=\"s4\">P\u0159i zpracov\u00e1n\u00ed Va\u0161ich osobn\u00edch \u00fadaj\u016f nedoch\u00e1z\u00ed k\u00a0automatizovan\u00e9mu rozhodov\u00e1n\u00ed, na jeho\u017e z\u00e1klad\u011b by byly \u010din\u011bny \u00fakony \u010di rozhodnut\u00ed, jejich\u017e obsahem by byl z\u00e1sah do\u00a0Va\u0161ich pr\u00e1v \u010di opr\u00e1vn\u011bn\u00fdch z\u00e1jm\u016f.<\/span><\/p>\n<p class=\"s3\"><span class=\"s4\">Va\u0161e osobn\u00ed \u00fadaje jsou zpracov\u00e1v\u00e1ny pouze po nezbytnou dobu, kter\u00e1 je\u00a0individu\u00e1ln\u00ed pro jednotliv\u00e9 \u00fa\u010dely zpracov\u00e1n\u00ed. Po uplynut\u00ed t\u00e9to doby jsou osobn\u00ed \u00fadaje zlikvidov\u00e1ny nebo jsou d\u00e1le uchov\u00e1ny po dobu stanovenou platn\u00fdm Spisov\u00fdm a\u00a0skarta\u010dn\u00edm pl\u00e1nem, vydan\u00fdm v\u00a0souladu se z\u00e1konem \u010d. 499\/2004 Sb., o archivnictv\u00ed a spisov\u00e9 slu\u017eb\u011b.<\/span><\/p>\n<p class=\"s3\"><span class=\"s4\">V\u00a0souvislosti se zpracov\u00e1n\u00edm Va\u0161ich osobn\u00edch \u00fadaj\u016f m\u00e1te pr\u00e1vo na p\u0159\u00edstup k\u00a0Va\u0161im osobn\u00edm \u00fadaj\u016fm, na jejich opravu nebo v\u00fdmaz, pop\u0159\u00edpad\u011b omezen\u00ed zpracov\u00e1n\u00ed, vzn\u00e9st n\u00e1mitku proti jejich zpracov\u00e1n\u00ed, p\u0159\u00edpadn\u011b uplatnit pr\u00e1vo na p\u0159enositelnost \u00fadaj\u016f a\u00a0dal\u0161\u00ed pr\u00e1va podle obecn\u00e9ho na\u0159\u00edzen\u00ed o ochran\u011b osobn\u00edch \u00fadaj\u016f.<\/span><\/p>\n<p class=\"s3\"><span class=\"s4\">Sv\u00e1 pr\u00e1va a po\u017eadavky uplat\u0148ujte u pov\u011b\u0159ence pro ochranu osobn\u00edch \u00fadaj\u016f.<\/span><\/p>\n<p class=\"s3\"><span class=\"s4\">Va\u0161e po\u017eadavky budou v\u017edy \u0159\u00e1dn\u011b posouzeny a vypo\u0159\u00e1d\u00e1ny v souladu s\u00a0p\u0159\u00edslu\u0161n\u00fdmi ustanoven\u00edmi obecn\u00e9ho na\u0159\u00edzen\u00ed. V\u00a0p\u0159\u00edpad\u011b, \u017ee nebudete souhlasit s\u00a0vypo\u0159\u00e1d\u00e1n\u00edm Va\u0161ich po\u017eadavk\u016f a \u017e\u00e1dost\u00ed, m\u00e1te pr\u00e1vo podat st\u00ed\u017enost \u00da\u0159adu pro ochranu osobn\u00edch \u00fadaj\u016f.<\/span><\/p>\n<p>[\/vc_column_text][\/vc_column][\/vc_row][vc_row][vc_column][vc_empty_space][\/vc_column][\/vc_row]<\/p>\n<\/div>","protected":false},"excerpt":{"rendered":"<p>[vc_row][vc_column][vc_widget_sidebar][\/vc_column][\/vc_row][vc_row][vc_column][vc_column_text] Mate\u0159sk\u00e1 \u0161kola Kl\u00e1sek s.p.o., je st\u00e1tn\u00ed p\u0159\u00edsp\u011bvkovou organizac\u00ed Ministerstva zem\u011bd\u011blstv\u00ed, T\u011b\u0161nov 65\/17, 110 00 Praha 1, kter\u00e9 je jej\u00edm z\u0159izovatelem. Hlavn\u00edm \u00fakolem na\u0161\u00ed organizace je v\u00fdchova a vzd\u011bl\u00e1v\u00e1n\u00ed d\u011bt\u00ed p\u0159ed\u0161koln\u00edho v\u011bku. Mate\u0159sk\u00e1 \u0161kola Kl\u00e1sek s.p.o.\u00a0zpracov\u00e1v\u00e1 osobn\u00ed \u00fadaje v\u00a0souladu s\u00a0po\u017eadavky Na\u0159\u00edzen\u00ed Evropsk\u00e9ho parlamentu a Rady (EU) \u010d. 2016\/679 o ochran\u011b fyzick\u00fdch osob v souvislosti se [&hellip;]<\/p>\n","protected":false},"author":1,"featured_media":0,"parent":0,"menu_order":0,"comment_status":"closed","ping_status":"closed","template":"","meta":{"footnotes":""},"class_list":["post-3544","page","type-page","status-publish","hentry"],"_links":{"self":[{"href":"https:\/\/www.msklasek.cz\/index.php\/wp-json\/wp\/v2\/pages\/3544","targetHints":{"allow":["GET"]}}],"collection":[{"href":"https:\/\/www.msklasek.cz\/index.php\/wp-json\/wp\/v2\/pages"}],"about":[{"href":"https:\/\/www.msklasek.cz\/index.php\/wp-json\/wp\/v2\/types\/page"}],"author":[{"embeddable":true,"href":"https:\/\/www.msklasek.cz\/index.php\/wp-json\/wp\/v2\/users\/1"}],"replies":[{"embeddable":true,"href":"https:\/\/www.msklasek.cz\/index.php\/wp-json\/wp\/v2\/comments?post=3544"}],"version-history":[{"count":6,"href":"https:\/\/www.msklasek.cz\/index.php\/wp-json\/wp\/v2\/pages\/3544\/revisions"}],"predecessor-version":[{"id":4038,"href":"https:\/\/www.msklasek.cz\/index.php\/wp-json\/wp\/v2\/pages\/3544\/revisions\/4038"}],"wp:attachment":[{"href":"https:\/\/www.msklasek.cz\/index.php\/wp-json\/wp\/v2\/media?parent=3544"}],"curies":[{"name":"wp","href":"https:\/\/api.w.org\/{rel}","templated":true}]}}